{"id":6994,"date":"2026-01-09T12:56:58","date_gmt":"2026-01-09T12:56:58","guid":{"rendered":"https:\/\/wanaskonst.se\/samling\/von-hausswolff-carl-michael-2\/"},"modified":"2026-01-22T13:05:23","modified_gmt":"2026-01-22T13:05:23","slug":"von-hausswolff-carl-michael-2","status":"publish","type":"samling","link":"https:\/\/wanaskonst.se\/en\/samling\/von-hausswolff-carl-michael-2\/","title":{"rendered":"von Hausswolff, Carl Michael"},"content":{"rendered":"\n<figure data-wp-context=\"{&quot;imageId&quot;:&quot;69ee6d2cba3c8&quot;}\" data-wp-interactive=\"core\/image\" data-wp-key=\"69ee6d2cba3c8\" class=\"wp-block-image aligncenter size-full is-resized wp-lightbox-container\"><img loading=\"lazy\" decoding=\"async\" width=\"2560\" height=\"1236\" data-wp-class--hide=\"state.isContentHidden\" data-wp-class--show=\"state.isContentVisible\" data-wp-init=\"callbacks.setButtonStyles\" data-wp-on--click=\"actions.showLightbox\" data-wp-on--load=\"callbacks.setButtonStyles\" data-wp-on-window--resize=\"callbacks.setButtonStyles\" src=\"https:\/\/wanaskonst.se\/wp-content\/uploads\/2025\/11\/28_Jan-Hafstrom-in-collaboration-with-Juan-Pedro-Fabra-Guemberna-and-Carl-Michael-von-Hausswolff_Graf-Spee-2007_Wanas-Konst_Photo-Anders-Norrsell-scaled.jpg\" alt=\"\" class=\"wp-image-5426\" style=\"object-fit:cover;width:1434px;height:827px\" srcset=\"https:\/\/wanaskonst.se\/wp-content\/uploads\/2025\/11\/28_Jan-Hafstrom-in-collaboration-with-Juan-Pedro-Fabra-Guemberna-and-Carl-Michael-von-Hausswolff_Graf-Spee-2007_Wanas-Konst_Photo-Anders-Norrsell-scaled.jpg 2560w, https:\/\/wanaskonst.se\/wp-content\/uploads\/2025\/11\/28_Jan-Hafstrom-in-collaboration-with-Juan-Pedro-Fabra-Guemberna-and-Carl-Michael-von-Hausswolff_Graf-Spee-2007_Wanas-Konst_Photo-Anders-Norrsell-300x145.jpg 300w, https:\/\/wanaskonst.se\/wp-content\/uploads\/2025\/11\/28_Jan-Hafstrom-in-collaboration-with-Juan-Pedro-Fabra-Guemberna-and-Carl-Michael-von-Hausswolff_Graf-Spee-2007_Wanas-Konst_Photo-Anders-Norrsell-1024x494.jpg 1024w, https:\/\/wanaskonst.se\/wp-content\/uploads\/2025\/11\/28_Jan-Hafstrom-in-collaboration-with-Juan-Pedro-Fabra-Guemberna-and-Carl-Michael-von-Hausswolff_Graf-Spee-2007_Wanas-Konst_Photo-Anders-Norrsell-768x371.jpg 768w, https:\/\/wanaskonst.se\/wp-content\/uploads\/2025\/11\/28_Jan-Hafstrom-in-collaboration-with-Juan-Pedro-Fabra-Guemberna-and-Carl-Michael-von-Hausswolff_Graf-Spee-2007_Wanas-Konst_Photo-Anders-Norrsell-1536x741.jpg 1536w, https:\/\/wanaskonst.se\/wp-content\/uploads\/2025\/11\/28_Jan-Hafstrom-in-collaboration-with-Juan-Pedro-Fabra-Guemberna-and-Carl-Michael-von-Hausswolff_Graf-Spee-2007_Wanas-Konst_Photo-Anders-Norrsell-2048x989.jpg 2048w, https:\/\/wanaskonst.se\/wp-content\/uploads\/2025\/11\/28_Jan-Hafstrom-in-collaboration-with-Juan-Pedro-Fabra-Guemberna-and-Carl-Michael-von-Hausswolff_Graf-Spee-2007_Wanas-Konst_Photo-Anders-Norrsell-600x290.jpg 600w\" sizes=\"auto, (max-width: 2560px) 100vw, 2560px\" \/><button\n\t\t\tclass=\"lightbox-trigger\"\n\t\t\ttype=\"button\"\n\t\t\taria-haspopup=\"dialog\"\n\t\t\taria-label=\"Enlarge\"\n\t\t\tdata-wp-init=\"callbacks.initTriggerButton\"\n\t\t\tdata-wp-on--click=\"actions.showLightbox\"\n\t\t\tdata-wp-style--right=\"state.imageButtonRight\"\n\t\t\tdata-wp-style--top=\"state.imageButtonTop\"\n\t\t>\n\t\t\t<svg xmlns=\"http:\/\/www.w3.org\/2000\/svg\" width=\"12\" height=\"12\" fill=\"none\" viewBox=\"0 0 12 12\">\n\t\t\t\t<path fill=\"#fff\" d=\"M2 0a2 2 0 0 0-2 2v2h1.5V2a.5.5 0 0 1 .5-.5h2V0H2Zm2 10.5H2a.5.5 0 0 1-.5-.5V8H0v2a2 2 0 0 0 2 2h2v-1.5ZM8 12v-1.5h2a.5.5 0 0 0 .5-.5V8H12v2a2 2 0 0 1-2 2H8Zm2-12a2 2 0 0 1 2 2v2h-1.5V2a.5.5 0 0 0-.5-.5H8V0h2Z\" \/>\n\t\t\t<\/svg>\n\t\t<\/button><\/figure>\n\n\n\n<p class=\"has-text-align-center has-s-font-size\" style=\"padding-top:10px;padding-bottom:var(--wp--preset--spacing--10)\">Jan H\u00e5fstr\u00f6m, Juan-Pedro Fabra Guemberena, Carl Michael von Hausswolff, <em>Graf Spee<\/em>, 2007. Photo Anders Norrsell. <\/p>\n\n\n<div id=\"\" data-block-id=\"e030f5cb-1bbd-4be0-a36a-f8929bc904dc\" data-section-title=\"\" class=\"haj-section haj-relative block-editor-block-list__block wp-block block-editor-block-list__block wp-block has-child-selected wp-block-haj-main-section haj-height-auto offset-menu haj-width-1474 offset-menu haj-flex-wrap haj-flex-middle haj-height-expand haj-height-expand@m haj-height-expand@s    \">\n   \n   \n\n<div class=\"wp-block-columns is-layout-flex wp-container-core-columns-is-layout-33233fb6 wp-block-columns-is-layout-flex\" style=\"margin-top:var(--wp--preset--spacing--20);margin-bottom:var(--wp--preset--spacing--20)\">\n<div class=\"wp-block-column is-layout-flow wp-block-column-is-layout-flow\">\n<hr class=\"wp-block-separator has-text-color has-black-color has-alpha-channel-opacity has-black-background-color has-background is-style-wide\"\/>\n\n\n\n<h2 class=\"wp-block-heading has-text-align-center has-xl-font-size\" style=\"font-style:normal;font-weight:700;line-height:1.2;text-transform:uppercase\">Carl Michael von Hausswolff<\/h2>\n\n\n\n<hr class=\"wp-block-separator has-text-color has-black-color has-alpha-channel-opacity has-black-background-color has-background is-style-wide\"\/>\n\n\n\n<div style=\"height:30px\" aria-hidden=\"true\" class=\"wp-block-spacer\"><\/div>\n\n\n\n<p><strong>Carl Michael von Hausswolff<\/strong> <\/p>\n\n\n\n<p>(Born 1956, works in Stockholm)<\/p>\n\n\n\n<p style=\"padding-top:0px;padding-bottom:0px\"><em>Graf Spee<\/em>, 2007<\/p>\n\n\n\n<p style=\"padding-top:0px;padding-bottom:0px\">Doors and windows from Wan\u00e5s, audio, DVD stills<\/p>\n\n\n\n<p class=\"has-black-color has-text-color has-link-color has-l-font-size wp-elements-80f4f304f7c50a371f78115c4a9477b3\" style=\"margin-top:var(--wp--preset--spacing--20);margin-bottom:var(--wp--preset--spacing--20)\">In 2007, Carl Michael von Hausswolff was invited to create the work <em>Graf Spee<\/em>, in collaboration with Jan H\u00e5fstr\u00f6m and Juan-Pedro Fabra Guemberena. Wan\u00e5s became the site for their project about the Admiral Graf Spee, a German battleship that was scuttled by its captain outside Montevideo in Uruguay in 1939. H\u00e5fstr\u00f6m created the assemblage of old windows with a film sequence by Fabra Guemberena and electronic music by von Hausswolff. In connection with the exhibition <em><em>Unvergessen (Graf Spee III)<\/em><\/em> in 2014, the installation was completed with the skulls, the sign, and the ship\u2019s bell. The project is an intersectional node for the three artists. \u201cWithout a doubt, we see a common fascination in extreme expressions, within which death is perhaps the most important element,\u201d as Fabra Guemberena commented in 2014.     <\/p>\n\n\n\n<div style=\"height:50px\" aria-hidden=\"true\" class=\"wp-block-spacer\"><\/div>\n\n\n\n<div class=\"wp-block-cb-carousel-v2 cb-carousel-block\" data-cb-slides-per-view=\"1\" data-cb-slides-per-group=\"1\" data-cb-space-between=\"15\" data-cb-speed=\"300\" data-cb-navigation=\"true\" data-cb-pagination=\"true\" data-cb-loop=\"true\" data-cb-autoplay=\"true\" data-cb-autoplay-speed=\"5000\" data-cb-breakpoints=\"{&quot;768&quot;:{&quot;slidesPerView&quot;:3,&quot;slidesPerGroup&quot;:1}}\"><div class=\"swiper\"><div class=\"cb-wrapper swiper-wrapper\">\n<div class=\"wp-block-cb-slide-v2 cb-slide swiper-slide\">\n<figure class=\"wp-block-image aligncenter size-full\"><a href=\"https:\/\/wanaskonst.se\/wp-content\/uploads\/2025\/11\/28_Jan-Hafstrom-in-collaboration-with-Juan-Pedro-Fabra-Guemberna-and-Carl-Michael-von-Hausswolff_Graf-Spee-2007_Wanas-Konst_Photo-Anders-Norrsell-1-scaled.jpg\"><img loading=\"lazy\" decoding=\"async\" width=\"2560\" height=\"1236\" src=\"https:\/\/wanaskonst.se\/wp-content\/uploads\/2025\/11\/28_Jan-Hafstrom-in-collaboration-with-Juan-Pedro-Fabra-Guemberna-and-Carl-Michael-von-Hausswolff_Graf-Spee-2007_Wanas-Konst_Photo-Anders-Norrsell-1-scaled.jpg\" alt=\"\" class=\"wp-image-6341\" style=\"aspect-ratio:1;object-fit:cover\" srcset=\"https:\/\/wanaskonst.se\/wp-content\/uploads\/2025\/11\/28_Jan-Hafstrom-in-collaboration-with-Juan-Pedro-Fabra-Guemberna-and-Carl-Michael-von-Hausswolff_Graf-Spee-2007_Wanas-Konst_Photo-Anders-Norrsell-1-scaled.jpg 2560w, https:\/\/wanaskonst.se\/wp-content\/uploads\/2025\/11\/28_Jan-Hafstrom-in-collaboration-with-Juan-Pedro-Fabra-Guemberna-and-Carl-Michael-von-Hausswolff_Graf-Spee-2007_Wanas-Konst_Photo-Anders-Norrsell-1-300x145.jpg 300w, https:\/\/wanaskonst.se\/wp-content\/uploads\/2025\/11\/28_Jan-Hafstrom-in-collaboration-with-Juan-Pedro-Fabra-Guemberna-and-Carl-Michael-von-Hausswolff_Graf-Spee-2007_Wanas-Konst_Photo-Anders-Norrsell-1-1024x494.jpg 1024w, https:\/\/wanaskonst.se\/wp-content\/uploads\/2025\/11\/28_Jan-Hafstrom-in-collaboration-with-Juan-Pedro-Fabra-Guemberna-and-Carl-Michael-von-Hausswolff_Graf-Spee-2007_Wanas-Konst_Photo-Anders-Norrsell-1-768x371.jpg 768w, https:\/\/wanaskonst.se\/wp-content\/uploads\/2025\/11\/28_Jan-Hafstrom-in-collaboration-with-Juan-Pedro-Fabra-Guemberna-and-Carl-Michael-von-Hausswolff_Graf-Spee-2007_Wanas-Konst_Photo-Anders-Norrsell-1-1536x741.jpg 1536w, https:\/\/wanaskonst.se\/wp-content\/uploads\/2025\/11\/28_Jan-Hafstrom-in-collaboration-with-Juan-Pedro-Fabra-Guemberna-and-Carl-Michael-von-Hausswolff_Graf-Spee-2007_Wanas-Konst_Photo-Anders-Norrsell-1-2048x989.jpg 2048w, https:\/\/wanaskonst.se\/wp-content\/uploads\/2025\/11\/28_Jan-Hafstrom-in-collaboration-with-Juan-Pedro-Fabra-Guemberna-and-Carl-Michael-von-Hausswolff_Graf-Spee-2007_Wanas-Konst_Photo-Anders-Norrsell-1-600x290.jpg 600w\" sizes=\"auto, (max-width: 2560px) 100vw, 2560px\" \/><\/a><figcaption class=\"wp-element-caption\"><mark style=\"font-size:12px;background-color:rgba(0, 0, 0, 0)\" class=\"has-inline-color has-black-color\">Jan H\u00e5fstr\u00f6m, Juan-Pedro Fabra Guemberena, Carl Michael von Hausswolff, <em>Graf Spee<\/em>, 2007. Photo Anders Norrsell. <\/mark><\/figcaption><\/figure>\n<\/div>\n\n\n\n<div class=\"wp-block-cb-slide-v2 cb-slide swiper-slide\">\n<figure class=\"wp-block-image aligncenter size-large\"><a href=\"https:\/\/wanaskonst.se\/wp-content\/uploads\/2025\/11\/28a_Jan-Hafstrom-in-collaboration-with-Juan-Pedro-Fabra-Guemberna-and-Carl-Michael-von-Hausswolff_Graf-Spee-2007_Wanas-Konst_Photo-Mattias-Givell-scaled.jpg\"><img loading=\"lazy\" decoding=\"async\" width=\"683\" height=\"1024\" src=\"https:\/\/wanaskonst.se\/wp-content\/uploads\/2025\/11\/28a_Jan-Hafstrom-in-collaboration-with-Juan-Pedro-Fabra-Guemberna-and-Carl-Michael-von-Hausswolff_Graf-Spee-2007_Wanas-Konst_Photo-Mattias-Givell-683x1024.jpg\" alt=\"\" class=\"wp-image-6339\" style=\"aspect-ratio:1;object-fit:cover\" srcset=\"https:\/\/wanaskonst.se\/wp-content\/uploads\/2025\/11\/28a_Jan-Hafstrom-in-collaboration-with-Juan-Pedro-Fabra-Guemberna-and-Carl-Michael-von-Hausswolff_Graf-Spee-2007_Wanas-Konst_Photo-Mattias-Givell-683x1024.jpg 683w, https:\/\/wanaskonst.se\/wp-content\/uploads\/2025\/11\/28a_Jan-Hafstrom-in-collaboration-with-Juan-Pedro-Fabra-Guemberna-and-Carl-Michael-von-Hausswolff_Graf-Spee-2007_Wanas-Konst_Photo-Mattias-Givell-200x300.jpg 200w, https:\/\/wanaskonst.se\/wp-content\/uploads\/2025\/11\/28a_Jan-Hafstrom-in-collaboration-with-Juan-Pedro-Fabra-Guemberna-and-Carl-Michael-von-Hausswolff_Graf-Spee-2007_Wanas-Konst_Photo-Mattias-Givell-768x1152.jpg 768w, https:\/\/wanaskonst.se\/wp-content\/uploads\/2025\/11\/28a_Jan-Hafstrom-in-collaboration-with-Juan-Pedro-Fabra-Guemberna-and-Carl-Michael-von-Hausswolff_Graf-Spee-2007_Wanas-Konst_Photo-Mattias-Givell-1024x1536.jpg 1024w, https:\/\/wanaskonst.se\/wp-content\/uploads\/2025\/11\/28a_Jan-Hafstrom-in-collaboration-with-Juan-Pedro-Fabra-Guemberna-and-Carl-Michael-von-Hausswolff_Graf-Spee-2007_Wanas-Konst_Photo-Mattias-Givell-1366x2048.jpg 1366w, https:\/\/wanaskonst.se\/wp-content\/uploads\/2025\/11\/28a_Jan-Hafstrom-in-collaboration-with-Juan-Pedro-Fabra-Guemberna-and-Carl-Michael-von-Hausswolff_Graf-Spee-2007_Wanas-Konst_Photo-Mattias-Givell-600x900.jpg 600w, https:\/\/wanaskonst.se\/wp-content\/uploads\/2025\/11\/28a_Jan-Hafstrom-in-collaboration-with-Juan-Pedro-Fabra-Guemberna-and-Carl-Michael-von-Hausswolff_Graf-Spee-2007_Wanas-Konst_Photo-Mattias-Givell-scaled.jpg 1707w\" sizes=\"auto, (max-width: 683px) 100vw, 683px\" \/><\/a><figcaption class=\"wp-element-caption\"><mark style=\"font-size:12px;background-color:rgba(0, 0, 0, 0)\" class=\"has-inline-color has-black-color\">Jan H\u00e5fstr\u00f6m, Juan-Pedro Fabra Guemberena, Carl Michael von Hausswolff, <em>Graf Spee<\/em>, 2007. Photo Mattias Givell.<\/mark><\/figcaption><\/figure>\n<\/div>\n\n\n\n<div class=\"wp-block-cb-slide-v2 cb-slide swiper-slide\">\n<figure class=\"wp-block-image aligncenter size-large\"><a href=\"https:\/\/wanaskonst.se\/wp-content\/uploads\/2026\/01\/IMG_1447-scaled.jpeg\"><img loading=\"lazy\" decoding=\"async\" width=\"1024\" height=\"768\" src=\"https:\/\/wanaskonst.se\/wp-content\/uploads\/2026\/01\/IMG_1447-1024x768.jpeg\" alt=\"\" class=\"wp-image-7128\" style=\"aspect-ratio:1;object-fit:cover\" srcset=\"https:\/\/wanaskonst.se\/wp-content\/uploads\/2026\/01\/IMG_1447-1024x768.jpeg 1024w, https:\/\/wanaskonst.se\/wp-content\/uploads\/2026\/01\/IMG_1447-300x225.jpeg 300w, https:\/\/wanaskonst.se\/wp-content\/uploads\/2026\/01\/IMG_1447-768x576.jpeg 768w, https:\/\/wanaskonst.se\/wp-content\/uploads\/2026\/01\/IMG_1447-1536x1152.jpeg 1536w, https:\/\/wanaskonst.se\/wp-content\/uploads\/2026\/01\/IMG_1447-2048x1536.jpeg 2048w, https:\/\/wanaskonst.se\/wp-content\/uploads\/2026\/01\/IMG_1447-600x450.jpeg 600w\" sizes=\"auto, (max-width: 1024px) 100vw, 1024px\" \/><\/a><figcaption class=\"wp-element-caption\"><mark style=\"font-size:12px;background-color:rgba(0, 0, 0, 0)\" class=\"has-inline-color has-black-color\">Jan H\u00e5fstr\u00f6m, Juan-Pedro Fabra Guemberena, Carl Michael von Hausswolff, <em>Graf Spee<\/em>, 2007. Photo Wan\u00e5s Konst.<\/mark><\/figcaption><\/figure>\n<\/div>\n<\/div><\/div><div class=\"cb-pagination swiper-pagination\"><\/div><div class=\"cb-button-prev swiper-button-prev\"><\/div><div class=\"cb-button-next swiper-button-next\"><\/div><\/div>\n\n\n\n<div style=\"height:50px\" aria-hidden=\"true\" class=\"wp-block-spacer\"><\/div>\n\n\n\n<div class=\"wp-block-buttons full-width is-layout-flex wp-block-buttons-is-layout-flex\" style=\"margin-top:7px;margin-bottom:var(--wp--preset--spacing--10)\">\n<div class=\"wp-block-button has-custom-width wp-block-button__width-100\"><a class=\"wp-block-button__link has-medium-font-size has-custom-font-size wp-element-button\" href=\"https:\/\/wanaskonst.se\/en\/collection\/\" style=\"border-width:2px;padding-top:var(--wp--preset--spacing--10);padding-right:0;padding-bottom:var(--wp--preset--spacing--10);padding-left:0;line-height:1;text-transform:uppercase\">Back to collection<\/a><\/div>\n<\/div>\n<\/div>\n<\/div>\n\n   <\/div>\n\n\n<div style=\"height:50px\" aria-hidden=\"true\" class=\"wp-block-spacer\"><\/div>\n\n\n\n<p><\/p>\n","protected":false},"featured_media":5427,"template":"","format":"standard","meta":{"_acf_changed":false},"samling-type":[81],"class_list":["post-6994","samling","type-samling","status-publish","format-standard","has-post-thumbnail","hentry","samling-type-permanent"],"acf":[],"_links":{"self":[{"href":"https:\/\/wanaskonst.se\/en\/wp-json\/wp\/v2\/samling\/6994","targetHints":{"allow":["GET"]}}],"collection":[{"href":"https:\/\/wanaskonst.se\/en\/wp-json\/wp\/v2\/samling"}],"about":[{"href":"https:\/\/wanaskonst.se\/en\/wp-json\/wp\/v2\/types\/samling"}],"wp:featuredmedia":[{"embeddable":true,"href":"https:\/\/wanaskonst.se\/en\/wp-json\/wp\/v2\/media\/5427"}],"wp:attachment":[{"href":"https:\/\/wanaskonst.se\/en\/wp-json\/wp\/v2\/media?parent=6994"}],"wp:term":[{"taxonomy":"samling-type","embeddable":true,"href":"https:\/\/wanaskonst.se\/en\/wp-json\/wp\/v2\/samling-type?post=6994"}],"curies":[{"name":"wp","href":"https:\/\/api.w.org\/{rel}","templated":true}]}}